{"id":2517,"date":"2026-06-16T12:59:58","date_gmt":"2026-06-16T12:59:58","guid":{"rendered":"https:\/\/admaioraverona.it\/?post_type=portfolio&#038;p=2517"},"modified":"2026-07-24T08:32:28","modified_gmt":"2026-07-24T08:32:28","slug":"verona-tessile-2027-il-respiro-del-blu","status":"publish","type":"portfolio","link":"https:\/\/admaioraverona.it\/en\/portfolio\/verona-tessile-2027-il-respiro-del-blu\/","title":{"rendered":"Verona tessile 2027 &#8211; Contest: Il respiro del blu"},"content":{"rendered":"<div class=\"wpb-content-wrapper\"><div data-parent=\"true\" class=\"vc_row row-container\" id=\"row-unique-0\"><div class=\"row limit-width row-parent\"><div class=\"wpb_row row-inner\"><div class=\"wpb_column pos-top pos-center align_left column_parent col-lg-12 single-internal-gutter\"><div class=\"uncol style-light\"  ><div class=\"uncoltable\"><div class=\"uncell no-block-padding\" ><div class=\"uncont\"><div class=\"uncode_text_column\" ><\/p>\n<p class=\"p1\"><b>Bando di concorso internazionale di arte tessile<\/b><\/p>\n<p class=\"p3\"><b>Il respiro del blu<\/b><\/p>\n<p class=\"p4\"><i>Noi, abitanti del pianeta blu avvolto dall\u2019azzurro delle acque, fasciato dall\u2019indaco dei cieli, ne celebriamo il respiro infinito, il fascino di un colore che ci rasserena e ci fa sognare. Nelle vostre creazioni tessili vi si chiede di rappresentare questo respiro lento e universale che restituisce quiete ma anche energia vitale<\/i><span class=\"s1\"><i>.<\/i><\/span><\/p>\n<p class=\"p6\">Con il concorso l\u2019Associazione Ad Maiora Verona si propone di stimolare la creativit\u00e0 e la manualit\u00e0 delle interpreti e degli interpreti dell\u2019arte tessile nazionale e internazionale nel rappresentare in un manufatto quanto espresso nel titolo, con la sensibilit\u00e0 che le\/li contraddistingue. L\u2019esposizione tessile <b>Il respiro del blu<\/b> avverr\u00e0 nell\u2019ambito del 8\u00b0 festival Verona Tessile che si terr\u00e0 dal 13 al 16 maggio 2027.<\/p>\n<p class=\"p6\"><b>CATEGORIA UNICA<br \/>\n<\/b>Sono ammesse tutte le tecniche dell\u2019arte tessile, utilizzando a complemento anche materiali non tessili. Non verranno prese in considerazione opere che abbiano intelaiature o elementi rigidi che ne impediscano l\u2019avvolgimento o la piegatura per la riconsegna. Le opere dovranno essere inedite.<\/p>\n<p class=\"p6\"><b>MODALIT\u00c0 DI PARTECIPAZIONE<br \/>\n<\/b>Le opere potranno essere realizzate da un singolo artista oppure a pi\u00f9 mani. In entrambi i casi un solo lavoro per artista o per gruppo. Uno stesso artista pu\u00f2 partecipare a pi\u00f9 collettivi.<\/p>\n<p class=\"p6\"><b>REQUISITI DELLE OPERE IN CONCORSO<br \/>\n<\/b>Le dimensioni dell\u2019opera dovranno essere 80 cm di larghezza x 100 cm di altezza. \u00c8 ammessa una tolleranza del 5% in pi\u00f9 o in meno. Le opere dovranno avere obbligatoriamente un manicotto di tessuto di 10 cm di altezza cucito sulla larghezza del retro per agevolare l\u2019esposizione. In basso a destra, sul retro del lavoro, dovr\u00e0 essere posta un\u2019etichetta di tessuto con l\u2019indicazione del nome, l\u2019indirizzo della\/del fiber artist\u00a0e il titolo dell\u2019opera. Sopra questa dovr\u00e0 essere cucita a mano in modo removibile un\u2019altra etichetta, per rendere anonima l\u2019opera alla giuria. Non verranno prese in considerazione le opere che non rispettino i requisiti sopra indicati.<\/p>\n<p class=\"p6\"><b>SELEZIONE E GIURIA<br \/>\n<\/b><\/p>\n<p class=\"p6\">Una giuria costituita da professionisti in ambito artistico stabilir\u00e0 in modo insindacabile la vincitrice\/il vincitore del concorso, il secondo e il terzo classificati.<\/p>\n<p class=\"p6\">Prima dell\u2019esposizione, le opere verranno selezionate.<\/p>\n<p class=\"p7\"><span class=\"s2\"><b>PREMI<br \/>\n<\/b><\/span>Sono istituiti premi per il primo, secondo e terzo classificato<span class=\"s2\">.<\/span><\/p>\n<p class=\"p6\"><b>QUOTA DI PARTECIPAZIONE AL CONCORSO<br \/>\n<\/b>La quota di iscrizione al concorso \u00e8 di 40 euro, non \u00e8 rimborsabile ed \u00e8 comprensivo delle spese di spedizione per la restituzione dell\u2019opera.<br \/>\nLe modalit\u00e0 di pagamento sono indicate di seguito e nel modulo di iscrizione.<\/p>\n<p class=\"p6\"><b>DOCUMENTAZIONE RICHIESTA<br \/>\n<\/b>Termine ultimo per le adesioni: 28\/02\/2027.<\/p>\n<p class=\"p6\">Le adesioni possono arrivare compilando il form nel sito www.veronatessile.it oppure via e-mail all&#8217;indirizzo: concorsovrtessile@admaioraverona.it<\/p>\n<p class=\"p6\">Le adesioni che perverranno dopo questa data o incomplete non saranno prese in considerazione. Far\u00e0 fede la data della compilazione del form o la ricezione della e-mail.<\/p>\n<p class=\"p6\">Termine ultimo per l\u2019invio delle fotografie per la selezione 28\/02\/2027. Entro il 15\/03\/2027 verr\u00e0 comunicato l\u2019esito della selezione.<\/p>\n<p class=\"p6\">Termine ultimo dell\u2019invio dell\u2019opera: 31\/03\/2027.<br \/>\nElenco dei documenti richiesti:<\/p>\n<ul class=\"ul1\">\n<li class=\"li6\">compilazione del form \/ scheda di adesione scaricabile anche in pdf;<\/li>\n<li class=\"li6\">2 immagini digitali (una foto con un dettaglio significativo della composizione e una foto dello stato avanzato del lavoro). Le foto devono essere di buona qualit\u00e0 e ben illuminate, su fondo neutro. Devono essere inviate per e-mail;<\/li>\n<li class=\"li6\">invio dell\u2019attestazione dell\u2019avvenuto pagamento della quota di partecipazione all\u2019indirizzo mail concorsovrtessile@admaioraverona.it<br \/>\nPer ulteriori informazioni inviare richiesta esclusivamente via e-mail all\u2019indirizzo sopra indicato.<\/li>\n<\/ul>\n<p class=\"p6\"><span class=\"s4\">NEL SITO INSERIRE QUI BOTTONE PER SCARICARE LA SCHEDA DI ADESIONE<\/span><\/p>\n<p class=\"p6\"><b>PUBBLICAZIONE DELL\u2019IMMAGINE DEL MANUFATTO<br \/>\n<\/b>Con l\u2019invio delle immagini digitali le\/i partecipanti autorizzano la loro pubblicazione a fini promozionali e per altri scopi informativi, nonch\u00e9 la diffusione su rete Internet. I diritti rimangono di propriet\u00e0 degli autori.<br \/>\n\u00c8 facolt\u00e0 dell\u2019Associazione Ad Maiora apportare eventuali modifiche alle immagini in relazione a particolari ed eccezionali contingenze tecniche che si dovessero presentare.<\/p>\n<p class=\"p6\"><b>ASSICURAZIONE E SPEDIZIONE<br \/>\n<\/b>Le opere saranno assicurate dal loro arrivo alla sede dell\u2019Associazione Ad Maiora fino al momento in cui saranno rispedite. L\u2019assicurazione non \u00e8 inclusa nel trasporto di restituzione. L\u2019eventuale assicurazione di spedizione sia di consegna ad Ad Maiora sia di restituzione all\u2019artista \u00e8 a carico del partecipante. I partecipanti assumono in proprio la responsabilit\u00e0 di ogni eventuale danneggiamento o perdita delle opere durante la spedizione.<\/p>\n<p class=\"p6\">L\u2019imballaggio fornito dai partecipanti dovr\u00e0 proteggere l\u2019opera dai rischi di danneggiamento durante il trasporto, sia nel caso esso avvenga per posta sia per corriere. Chi organizza il concorso non risponder\u00e0 dei danni causati da un imballaggio difettoso.<\/p>\n<p class=\"p6\">L\u2019artista che invia la propria opera deve indicare nella causale di spedizione la dicitura \u201cCampioni tessili non destinati alla vendita\u201d. L\u2019eventuale aggravio di spesa sar\u00e0 a carico del partecipante.<\/p>\n<p class=\"p6\">Le opere possono essere ritirate al termine dell\u2019evento (con ritiro concordato tramite mail con l\u2019organizzazione), oppure verranno restituite all\u2019indirizzo dell\u2019artista indicato sulla scheda di adesione. Nel caso in cui le opere venissero richieste per essere esposte presso altre manifestazioni, l\u2019organizzazione prender\u00e0 contatto con le\/gli artisti per accordi.<\/p>\n<p class=\"p6\">L\u2019Associazione Ad Maiora garantisce la massima cura nella preservazione delle opere affidatele.<\/p>\n<p class=\"p6\"><b>PROMOZIONE<br \/>\n<\/b>La mostra sar\u00e0 promossa tramite una campagna di comunicazione cartacea (volantini, guide, stendardi, manifesti ecc.), on line (attraverso i social network dell\u2019associazione organizzatrice, sito web ufficiale, blog e siti di settore, siti web dei partner ecc.) e tramite comunicati stampa.<\/p>\n<p class=\"p6\"><b>ACCETTAZIONE DELLE NORME DI PARTECIPAZIONE<br \/>\n<\/b>La firma sulla scheda di adesione al concorso implica l\u2019accettazione incondizionata di tutte le norme contenute nel presente bando.<\/p>\n<p class=\"p6\"><b>METODI DI PAGAMENTO<\/b><\/p>\n<p class=\"p6\">Si prega di inviare la ricevuta della quota di partecipazione (non rimborsabile) all\u2019indirizzo mail<\/p>\n<p class=\"p6\"><i>concorsovrtessile@admaioraverona.it<\/i><\/p>\n<p class=\"p6\">Bonifico bancario a favore di: ASSOCIAZIONE AD MAIORA<\/p>\n<p class=\"p6\">BIC: BAPPIT21116<br \/>\nIBAN: IT60F0503411716000000005017<\/p>\n<p class=\"p6\"><i>PAY-PAL<br \/>\n<\/i>corsi@veronatessile.it<br \/>\nCausale: partecipazione al concorso <i>Il respiro del blu<\/i>.<\/p>\n<p>\n<\/div><span class=\"btn-container\" ><a href=\"http:\/\/admaioraverona.it\/wp-content\/uploads\/2026\/07\/Scheda-di-adesione_Il-respiro-del-blu.pdf\" class=\"custom-link btn border-width-0 btn-accent btn-icon-left\" title=\"Chi siamo\">Scarica modulo adesione<\/a><\/span><div class=\"owl-carousel-wrapper\">\n\t\n\t<div class=\"owl-carousel-container owl-carousel-loading single-gutter\">\n\t\t\t\t\t\t<div id=\"gallery-95889007\" class=\"owl-carousel owl-element owl-height-auto owl-dots-db-space owl-dots-outside owl-dots-single-block-padding owl-dots-align-center\" data-dots=\"true\" data-dotsmobile=\"true\" data-navmobile=\"false\" data-navspeed=\"400\" data-autoplay=\"true\" data-timeout=\"3000\" data-stagepadding=\"0\" data-lg=\"3\" data-md=\"2\" data-sm=\"1\">\n<div class=\"tmb tmb-carousel tmb-no-double-tap tmb-iso-h4 tmb-light tmb-overlay-text-anim tmb-reveal-bottom tmb-overlay-anim tmb-overlay-middle tmb-overlay-text-center tmb-image-anim tmb-id-2567  tmb-img-ratio tmb-media-first tmb-media-last tmb-content-overlay tmb-no-bg tmb-lightbox\" ><div class=\"t-inside animate_when_almost_visible bottom-t-top\" data-delay=\"200\"><div class=\"t-entry-visual\"><div class=\"t-entry-visual-tc\"><div class=\"t-entry-visual-cont\"><div class=\"dummy\" style=\"padding-top: 133.4%;\"><\/div><a tabindex=\"-1\" href=\"https:\/\/admaioraverona.it\/wp-content\/uploads\/2026\/06\/PHOTO-2026-06-29-14-04-52.jpg\" class=\"pushed\" data-caption=\"\" data-lbox=\"ilightbox_gallery-95889007\" data-external-thumb-image=\"https:\/\/admaioraverona.it\/wp-content\/uploads\/2026\/06\/PHOTO-2026-06-29-14-04-52-150x150.jpg\" data-lg-size=\"877-875\" data-lb-index=\"0\"><div class=\"t-entry-visual-overlay\"><div class=\"t-entry-visual-overlay-in style-dark-bg\" style=\"opacity: 0.5;\"><\/div><\/div><div class=\"t-overlay-wrap\"><div class=\"t-overlay-inner\">\n\t\t\t\t\t\t\t\t\t\t\t\t\t\t<div class=\"t-overlay-content\">\n\t\t\t\t\t\t\t\t\t\t\t\t\t\t\t<div class=\"t-overlay-text single-block-padding\"><div class=\"t-entry\"><i class=\"fa fa-search3 t-overlay-icon\"><\/i><\/div><\/div><\/div><\/div><\/div><img decoding=\"async\" class=\"wp-image-2567\" src=\"https:\/\/admaioraverona.it\/wp-content\/uploads\/2026\/06\/PHOTO-2026-06-29-14-04-52-uai-656x875.jpg\" width=\"656\" height=\"875\" alt=\"\" \/><\/a><\/div>\n\t\t\t\t\t<\/div>\n\t\t\t\t<\/div><\/div><\/div><div class=\"tmb tmb-carousel tmb-no-double-tap tmb-iso-h4 tmb-light tmb-overlay-text-anim tmb-reveal-bottom tmb-overlay-anim tmb-overlay-middle tmb-overlay-text-center tmb-image-anim tmb-id-2566  tmb-img-ratio tmb-media-first tmb-media-last tmb-content-overlay tmb-no-bg tmb-lightbox\" ><div class=\"t-inside animate_when_almost_visible bottom-t-top\" data-delay=\"200\"><div class=\"t-entry-visual\"><div class=\"t-entry-visual-tc\"><div class=\"t-entry-visual-cont\"><div class=\"dummy\" style=\"padding-top: 133.5%;\"><\/div><a tabindex=\"-1\" href=\"https:\/\/admaioraverona.it\/wp-content\/uploads\/2026\/06\/PHOTO-2026-06-29-14-04-53.jpg\" class=\"pushed\" data-caption=\"\" data-lbox=\"ilightbox_gallery-95889007\" data-external-thumb-image=\"https:\/\/admaioraverona.it\/wp-content\/uploads\/2026\/06\/PHOTO-2026-06-29-14-04-53-150x150.jpg\" data-lg-size=\"960-941\" data-lb-index=\"1\"><div class=\"t-entry-visual-overlay\"><div class=\"t-entry-visual-overlay-in style-dark-bg\" style=\"opacity: 0.5;\"><\/div><\/div><div class=\"t-overlay-wrap\"><div class=\"t-overlay-inner\">\n\t\t\t\t\t\t\t\t\t\t\t\t\t\t<div class=\"t-overlay-content\">\n\t\t\t\t\t\t\t\t\t\t\t\t\t\t\t<div class=\"t-overlay-text single-block-padding\"><div class=\"t-entry\"><i class=\"fa fa-search3 t-overlay-icon\"><\/i><\/div><\/div><\/div><\/div><\/div><img decoding=\"async\" class=\"wp-image-2566\" src=\"https:\/\/admaioraverona.it\/wp-content\/uploads\/2026\/06\/PHOTO-2026-06-29-14-04-53-uai-705x941.jpg\" width=\"705\" height=\"941\" alt=\"\" \/><\/a><\/div>\n\t\t\t\t\t<\/div>\n\t\t\t\t<\/div><\/div><\/div><div class=\"tmb tmb-carousel tmb-no-double-tap tmb-iso-h4 tmb-light tmb-overlay-text-anim tmb-reveal-bottom tmb-overlay-anim tmb-overlay-middle tmb-overlay-text-center tmb-image-anim tmb-id-2565  tmb-img-ratio tmb-media-first tmb-media-last tmb-content-overlay tmb-no-bg tmb-lightbox\" ><div class=\"t-inside animate_when_almost_visible bottom-t-top\" data-delay=\"200\"><div class=\"t-entry-visual\"><div class=\"t-entry-visual-tc\"><div class=\"t-entry-visual-cont\"><div class=\"dummy\" style=\"padding-top: 133.4%;\"><\/div><a tabindex=\"-1\" href=\"https:\/\/admaioraverona.it\/wp-content\/uploads\/2026\/06\/PHOTO-2026-06-29-14-04-53-2.jpg\" class=\"pushed\" data-caption=\"\" data-lbox=\"ilightbox_gallery-95889007\" data-external-thumb-image=\"https:\/\/admaioraverona.it\/wp-content\/uploads\/2026\/06\/PHOTO-2026-06-29-14-04-53-2-150x150.jpg\" data-lg-size=\"937-1046\" data-lb-index=\"2\"><div class=\"t-entry-visual-overlay\"><div class=\"t-entry-visual-overlay-in style-dark-bg\" style=\"opacity: 0.5;\"><\/div><\/div><div class=\"t-overlay-wrap\"><div class=\"t-overlay-inner\">\n\t\t\t\t\t\t\t\t\t\t\t\t\t\t<div class=\"t-overlay-content\">\n\t\t\t\t\t\t\t\t\t\t\t\t\t\t\t<div class=\"t-overlay-text single-block-padding\"><div class=\"t-entry\"><i class=\"fa fa-search3 t-overlay-icon\"><\/i><\/div><\/div><\/div><\/div><\/div><img decoding=\"async\" class=\"wp-image-2565\" src=\"https:\/\/admaioraverona.it\/wp-content\/uploads\/2026\/06\/PHOTO-2026-06-29-14-04-53-2-uai-784x1046.jpg\" width=\"784\" height=\"1046\" alt=\"\" \/><\/a><\/div>\n\t\t\t\t\t<\/div>\n\t\t\t\t<\/div><\/div><\/div><div class=\"tmb tmb-carousel tmb-no-double-tap tmb-iso-h4 tmb-light tmb-overlay-text-anim tmb-reveal-bottom tmb-overlay-anim tmb-overlay-middle tmb-overlay-text-center tmb-image-anim tmb-id-2564  tmb-img-ratio tmb-media-first tmb-media-last tmb-content-overlay tmb-no-bg tmb-lightbox\" ><div class=\"t-inside animate_when_almost_visible bottom-t-top\" data-delay=\"200\"><div class=\"t-entry-visual\"><div class=\"t-entry-visual-tc\"><div class=\"t-entry-visual-cont\"><div class=\"dummy\" style=\"padding-top: 133.4%;\"><\/div><a tabindex=\"-1\" href=\"https:\/\/admaioraverona.it\/wp-content\/uploads\/2026\/06\/PHOTO-2026-06-29-14-04-53-3.jpg\" class=\"pushed\" data-caption=\"\" data-lbox=\"ilightbox_gallery-95889007\" data-external-thumb-image=\"https:\/\/admaioraverona.it\/wp-content\/uploads\/2026\/06\/PHOTO-2026-06-29-14-04-53-3-150x150.jpg\" data-lg-size=\"1085-1203\" data-lb-index=\"3\"><div class=\"t-entry-visual-overlay\"><div class=\"t-entry-visual-overlay-in style-dark-bg\" style=\"opacity: 0.5;\"><\/div><\/div><div class=\"t-overlay-wrap\"><div class=\"t-overlay-inner\">\n\t\t\t\t\t\t\t\t\t\t\t\t\t\t<div class=\"t-overlay-content\">\n\t\t\t\t\t\t\t\t\t\t\t\t\t\t\t<div class=\"t-overlay-text single-block-padding\"><div class=\"t-entry\"><i class=\"fa fa-search3 t-overlay-icon\"><\/i><\/div><\/div><\/div><\/div><\/div><img decoding=\"async\" class=\"wp-image-2564\" src=\"https:\/\/admaioraverona.it\/wp-content\/uploads\/2026\/06\/PHOTO-2026-06-29-14-04-53-3-uai-902x1203.jpg\" width=\"902\" height=\"1203\" alt=\"\" \/><\/a><\/div>\n\t\t\t\t\t<\/div>\n\t\t\t\t<\/div><\/div><\/div><div class=\"tmb tmb-carousel tmb-no-double-tap tmb-iso-h4 tmb-light tmb-overlay-text-anim tmb-reveal-bottom tmb-overlay-anim tmb-overlay-middle tmb-overlay-text-center tmb-image-anim tmb-id-2563  tmb-img-ratio tmb-media-first tmb-media-last tmb-content-overlay tmb-no-bg tmb-lightbox\" ><div class=\"t-inside animate_when_almost_visible bottom-t-top\" data-delay=\"200\"><div class=\"t-entry-visual\"><div class=\"t-entry-visual-tc\"><div class=\"t-entry-visual-cont\"><div class=\"dummy\" style=\"padding-top: 133.4%;\"><\/div><a tabindex=\"-1\" href=\"https:\/\/admaioraverona.it\/wp-content\/uploads\/2026\/06\/PHOTO-2026-06-29-14-04-53-4.jpg\" class=\"pushed\" data-caption=\"\" data-lbox=\"ilightbox_gallery-95889007\" data-external-thumb-image=\"https:\/\/admaioraverona.it\/wp-content\/uploads\/2026\/06\/PHOTO-2026-06-29-14-04-53-4-150x150.jpg\" data-lg-size=\"1451-1473\" data-lb-index=\"4\"><div class=\"t-entry-visual-overlay\"><div class=\"t-entry-visual-overlay-in style-dark-bg\" style=\"opacity: 0.5;\"><\/div><\/div><div class=\"t-overlay-wrap\"><div class=\"t-overlay-inner\">\n\t\t\t\t\t\t\t\t\t\t\t\t\t\t<div class=\"t-overlay-content\">\n\t\t\t\t\t\t\t\t\t\t\t\t\t\t\t<div class=\"t-overlay-text single-block-padding\"><div class=\"t-entry\"><i class=\"fa fa-search3 t-overlay-icon\"><\/i><\/div><\/div><\/div><\/div><\/div><img decoding=\"async\" class=\"wp-image-2563\" src=\"https:\/\/admaioraverona.it\/wp-content\/uploads\/2026\/06\/PHOTO-2026-06-29-14-04-53-4-uai-1104x1473.jpg\" width=\"1104\" height=\"1473\" alt=\"\" \/><\/a><\/div>\n\t\t\t\t\t<\/div>\n\t\t\t\t<\/div><\/div><\/div>\t\t\t\t\t\t<\/div>\n\t\t\t\t\t<\/div>\n\n\t\n\t\n<\/div>\n\n<\/div><\/div><\/div><\/div><\/div><script id=\"script-row-unique-0\" data-row=\"script-row-unique-0\" type=\"text\/javascript\" class=\"vc_controls\">UNCODE.initRow(document.getElementById(\"row-unique-0\"));<\/script><\/div><\/div><\/div><div data-parent=\"true\" class=\"vc_row row-container\" id=\"row-unique-1\"><div class=\"row limit-width row-parent\"><div class=\"wpb_row row-inner\"><div class=\"wpb_column pos-top pos-center align_left column_parent col-lg-12 single-internal-gutter\"><div class=\"uncol style-light\"  ><div class=\"uncoltable\"><div class=\"uncell no-block-padding\" ><div class=\"uncont\"><span class=\"btn-container\" ><a href=\"http:\/\/admaioraverona.it\/wp-content\/uploads\/2026\/07\/Scheda-di-adesione_Il-respiro-del-blu.pdf\" class=\"custom-link btn border-width-0 btn-accent btn-icon-left\" title=\"Chi siamo\">Scarica modulo adesione<\/a><\/span><div class=\"owl-carousel-wrapper\">\n\t\n\t<div class=\"owl-carousel-container owl-carousel-loading single-gutter\">\n\t\t\t\t\t\t<div id=\"gallery-958890079\" class=\"owl-carousel owl-element owl-height-auto owl-dots-db-space owl-dots-outside owl-dots-single-block-padding owl-dots-align-center\" data-dots=\"true\" data-dotsmobile=\"true\" data-navmobile=\"false\" data-navspeed=\"400\" data-autoplay=\"true\" data-timeout=\"3000\" data-stagepadding=\"0\" data-lg=\"3\" data-md=\"2\" data-sm=\"1\">\n<div class=\"tmb tmb-carousel tmb-no-double-tap tmb-iso-h4 tmb-light tmb-overlay-text-anim tmb-reveal-bottom tmb-overlay-anim tmb-overlay-middle tmb-overlay-text-center tmb-image-anim tmb-id-2567  tmb-img-ratio tmb-media-first tmb-media-last tmb-content-overlay tmb-no-bg tmb-lightbox\" ><div class=\"t-inside animate_when_almost_visible bottom-t-top\" data-delay=\"200\"><div class=\"t-entry-visual\"><div class=\"t-entry-visual-tc\"><div class=\"t-entry-visual-cont\"><div class=\"dummy\" style=\"padding-top: 133.4%;\"><\/div><a tabindex=\"-1\" href=\"https:\/\/admaioraverona.it\/wp-content\/uploads\/2026\/06\/PHOTO-2026-06-29-14-04-52.jpg\" class=\"pushed\" data-caption=\"\" data-lbox=\"ilightbox_gallery-958890079\" data-external-thumb-image=\"https:\/\/admaioraverona.it\/wp-content\/uploads\/2026\/06\/PHOTO-2026-06-29-14-04-52-150x150.jpg\" data-lg-size=\"877-875\" data-lb-index=\"0\"><div class=\"t-entry-visual-overlay\"><div class=\"t-entry-visual-overlay-in style-dark-bg\" style=\"opacity: 0.5;\"><\/div><\/div><div class=\"t-overlay-wrap\"><div class=\"t-overlay-inner\">\n\t\t\t\t\t\t\t\t\t\t\t\t\t\t<div class=\"t-overlay-content\">\n\t\t\t\t\t\t\t\t\t\t\t\t\t\t\t<div class=\"t-overlay-text single-block-padding\"><div class=\"t-entry\"><i class=\"fa fa-search3 t-overlay-icon\"><\/i><\/div><\/div><\/div><\/div><\/div><img decoding=\"async\" class=\"wp-image-2567\" src=\"https:\/\/admaioraverona.it\/wp-content\/uploads\/2026\/06\/PHOTO-2026-06-29-14-04-52-uai-656x875.jpg\" width=\"656\" height=\"875\" alt=\"\" \/><\/a><\/div>\n\t\t\t\t\t<\/div>\n\t\t\t\t<\/div><\/div><\/div><div class=\"tmb tmb-carousel tmb-no-double-tap tmb-iso-h4 tmb-light tmb-overlay-text-anim tmb-reveal-bottom tmb-overlay-anim tmb-overlay-middle tmb-overlay-text-center tmb-image-anim tmb-id-2566  tmb-img-ratio tmb-media-first tmb-media-last tmb-content-overlay tmb-no-bg tmb-lightbox\" ><div class=\"t-inside animate_when_almost_visible bottom-t-top\" data-delay=\"200\"><div class=\"t-entry-visual\"><div class=\"t-entry-visual-tc\"><div class=\"t-entry-visual-cont\"><div class=\"dummy\" style=\"padding-top: 133.5%;\"><\/div><a tabindex=\"-1\" href=\"https:\/\/admaioraverona.it\/wp-content\/uploads\/2026\/06\/PHOTO-2026-06-29-14-04-53.jpg\" class=\"pushed\" data-caption=\"\" data-lbox=\"ilightbox_gallery-958890079\" data-external-thumb-image=\"https:\/\/admaioraverona.it\/wp-content\/uploads\/2026\/06\/PHOTO-2026-06-29-14-04-53-150x150.jpg\" data-lg-size=\"960-941\" data-lb-index=\"1\"><div class=\"t-entry-visual-overlay\"><div class=\"t-entry-visual-overlay-in style-dark-bg\" style=\"opacity: 0.5;\"><\/div><\/div><div class=\"t-overlay-wrap\"><div class=\"t-overlay-inner\">\n\t\t\t\t\t\t\t\t\t\t\t\t\t\t<div class=\"t-overlay-content\">\n\t\t\t\t\t\t\t\t\t\t\t\t\t\t\t<div class=\"t-overlay-text single-block-padding\"><div class=\"t-entry\"><i class=\"fa fa-search3 t-overlay-icon\"><\/i><\/div><\/div><\/div><\/div><\/div><img decoding=\"async\" class=\"wp-image-2566\" src=\"https:\/\/admaioraverona.it\/wp-content\/uploads\/2026\/06\/PHOTO-2026-06-29-14-04-53-uai-705x941.jpg\" width=\"705\" height=\"941\" alt=\"\" \/><\/a><\/div>\n\t\t\t\t\t<\/div>\n\t\t\t\t<\/div><\/div><\/div><div class=\"tmb tmb-carousel tmb-no-double-tap tmb-iso-h4 tmb-light tmb-overlay-text-anim tmb-reveal-bottom tmb-overlay-anim tmb-overlay-middle tmb-overlay-text-center tmb-image-anim tmb-id-2565  tmb-img-ratio tmb-media-first tmb-media-last tmb-content-overlay tmb-no-bg tmb-lightbox\" ><div class=\"t-inside animate_when_almost_visible bottom-t-top\" data-delay=\"200\"><div class=\"t-entry-visual\"><div class=\"t-entry-visual-tc\"><div class=\"t-entry-visual-cont\"><div class=\"dummy\" style=\"padding-top: 133.4%;\"><\/div><a tabindex=\"-1\" href=\"https:\/\/admaioraverona.it\/wp-content\/uploads\/2026\/06\/PHOTO-2026-06-29-14-04-53-2.jpg\" class=\"pushed\" data-caption=\"\" data-lbox=\"ilightbox_gallery-958890079\" data-external-thumb-image=\"https:\/\/admaioraverona.it\/wp-content\/uploads\/2026\/06\/PHOTO-2026-06-29-14-04-53-2-150x150.jpg\" data-lg-size=\"937-1046\" data-lb-index=\"2\"><div class=\"t-entry-visual-overlay\"><div class=\"t-entry-visual-overlay-in style-dark-bg\" style=\"opacity: 0.5;\"><\/div><\/div><div class=\"t-overlay-wrap\"><div class=\"t-overlay-inner\">\n\t\t\t\t\t\t\t\t\t\t\t\t\t\t<div class=\"t-overlay-content\">\n\t\t\t\t\t\t\t\t\t\t\t\t\t\t\t<div class=\"t-overlay-text single-block-padding\"><div class=\"t-entry\"><i class=\"fa fa-search3 t-overlay-icon\"><\/i><\/div><\/div><\/div><\/div><\/div><img decoding=\"async\" class=\"wp-image-2565\" src=\"https:\/\/admaioraverona.it\/wp-content\/uploads\/2026\/06\/PHOTO-2026-06-29-14-04-53-2-uai-784x1046.jpg\" width=\"784\" height=\"1046\" alt=\"\" \/><\/a><\/div>\n\t\t\t\t\t<\/div>\n\t\t\t\t<\/div><\/div><\/div><div class=\"tmb tmb-carousel tmb-no-double-tap tmb-iso-h4 tmb-light tmb-overlay-text-anim tmb-reveal-bottom tmb-overlay-anim tmb-overlay-middle tmb-overlay-text-center tmb-image-anim tmb-id-2564  tmb-img-ratio tmb-media-first tmb-media-last tmb-content-overlay tmb-no-bg tmb-lightbox\" ><div class=\"t-inside animate_when_almost_visible bottom-t-top\" data-delay=\"200\"><div class=\"t-entry-visual\"><div class=\"t-entry-visual-tc\"><div class=\"t-entry-visual-cont\"><div class=\"dummy\" style=\"padding-top: 133.4%;\"><\/div><a tabindex=\"-1\" href=\"https:\/\/admaioraverona.it\/wp-content\/uploads\/2026\/06\/PHOTO-2026-06-29-14-04-53-3.jpg\" class=\"pushed\" data-caption=\"\" data-lbox=\"ilightbox_gallery-958890079\" data-external-thumb-image=\"https:\/\/admaioraverona.it\/wp-content\/uploads\/2026\/06\/PHOTO-2026-06-29-14-04-53-3-150x150.jpg\" data-lg-size=\"1085-1203\" data-lb-index=\"3\"><div class=\"t-entry-visual-overlay\"><div class=\"t-entry-visual-overlay-in style-dark-bg\" style=\"opacity: 0.5;\"><\/div><\/div><div class=\"t-overlay-wrap\"><div class=\"t-overlay-inner\">\n\t\t\t\t\t\t\t\t\t\t\t\t\t\t<div class=\"t-overlay-content\">\n\t\t\t\t\t\t\t\t\t\t\t\t\t\t\t<div class=\"t-overlay-text single-block-padding\"><div class=\"t-entry\"><i class=\"fa fa-search3 t-overlay-icon\"><\/i><\/div><\/div><\/div><\/div><\/div><img decoding=\"async\" class=\"wp-image-2564\" src=\"https:\/\/admaioraverona.it\/wp-content\/uploads\/2026\/06\/PHOTO-2026-06-29-14-04-53-3-uai-902x1203.jpg\" width=\"902\" height=\"1203\" alt=\"\" \/><\/a><\/div>\n\t\t\t\t\t<\/div>\n\t\t\t\t<\/div><\/div><\/div><div class=\"tmb tmb-carousel tmb-no-double-tap tmb-iso-h4 tmb-light tmb-overlay-text-anim tmb-reveal-bottom tmb-overlay-anim tmb-overlay-middle tmb-overlay-text-center tmb-image-anim tmb-id-2563  tmb-img-ratio tmb-media-first tmb-media-last tmb-content-overlay tmb-no-bg tmb-lightbox\" ><div class=\"t-inside animate_when_almost_visible bottom-t-top\" data-delay=\"200\"><div class=\"t-entry-visual\"><div class=\"t-entry-visual-tc\"><div class=\"t-entry-visual-cont\"><div class=\"dummy\" style=\"padding-top: 133.4%;\"><\/div><a tabindex=\"-1\" href=\"https:\/\/admaioraverona.it\/wp-content\/uploads\/2026\/06\/PHOTO-2026-06-29-14-04-53-4.jpg\" class=\"pushed\" data-caption=\"\" data-lbox=\"ilightbox_gallery-958890079\" data-external-thumb-image=\"https:\/\/admaioraverona.it\/wp-content\/uploads\/2026\/06\/PHOTO-2026-06-29-14-04-53-4-150x150.jpg\" data-lg-size=\"1451-1473\" data-lb-index=\"4\"><div class=\"t-entry-visual-overlay\"><div class=\"t-entry-visual-overlay-in style-dark-bg\" style=\"opacity: 0.5;\"><\/div><\/div><div class=\"t-overlay-wrap\"><div class=\"t-overlay-inner\">\n\t\t\t\t\t\t\t\t\t\t\t\t\t\t<div class=\"t-overlay-content\">\n\t\t\t\t\t\t\t\t\t\t\t\t\t\t\t<div class=\"t-overlay-text single-block-padding\"><div class=\"t-entry\"><i class=\"fa fa-search3 t-overlay-icon\"><\/i><\/div><\/div><\/div><\/div><\/div><img decoding=\"async\" class=\"wp-image-2563\" src=\"https:\/\/admaioraverona.it\/wp-content\/uploads\/2026\/06\/PHOTO-2026-06-29-14-04-53-4-uai-1104x1473.jpg\" width=\"1104\" height=\"1473\" alt=\"\" \/><\/a><\/div>\n\t\t\t\t\t<\/div>\n\t\t\t\t<\/div><\/div><\/div>\t\t\t\t\t\t<\/div>\n\t\t\t\t\t<\/div>\n\n\t\n\t\n<\/div>\n\n<\/div><\/div><\/div><\/div><\/div><script id=\"script-row-unique-1\" data-row=\"script-row-unique-1\" type=\"text\/javascript\" class=\"vc_controls\">UNCODE.initRow(document.getElementById(\"row-unique-1\"));<\/script><\/div><\/div><\/div>\n<\/div>","protected":false},"excerpt":{"rendered":"<p>Pubblicazione bando concorso Verona Tessile 2027<\/p>","protected":false},"author":1,"featured_media":2526,"parent":0,"menu_order":0,"comment_status":"open","ping_status":"open","template":"","meta":{"footnotes":""},"portfolio_category":[7],"class_list":["post-2517","portfolio","type-portfolio","status-publish","has-post-thumbnail","hentry","portfolio_category-news"],"yoast_head":"<!-- This site is optimized with the Yoast SEO plugin v23.4 - https:\/\/yoast.com\/wordpress\/plugins\/seo\/ -->\n<title>Verona tessile 2027 - Contest: Il respiro del blu - Associazione Ad Maiora<\/title>\n<meta name=\"robots\" content=\"index, follow, max-snippet:-1, max-image-preview:large, max-video-preview:-1\" \/>\n<link rel=\"canonical\" href=\"https:\/\/admaioraverona.it\/en\/portfolio\/verona-tessile-2027-il-respiro-del-blu\/\" \/>\n<meta property=\"og:locale\" content=\"en_GB\" \/>\n<meta property=\"og:type\" content=\"article\" \/>\n<meta property=\"og:title\" content=\"Verona tessile 2027 - Contest: Il respiro del blu - Associazione Ad Maiora\" \/>\n<meta property=\"og:description\" content=\"Pubblicazione bando concorso Verona Tessile 2027\" \/>\n<meta property=\"og:url\" content=\"https:\/\/admaioraverona.it\/en\/portfolio\/verona-tessile-2027-il-respiro-del-blu\/\" \/>\n<meta property=\"og:site_name\" content=\"Associazione Ad Maiora\" \/>\n<meta property=\"article:modified_time\" content=\"2026-07-24T08:32:28+00:00\" \/>\n<meta property=\"og:image\" content=\"https:\/\/admaioraverona.it\/wp-content\/uploads\/2026\/06\/logo2-1.jpg\" \/>\n\t<meta property=\"og:image:width\" content=\"2019\" \/>\n\t<meta property=\"og:image:height\" content=\"1528\" \/>\n\t<meta property=\"og:image:type\" content=\"image\/jpeg\" \/>\n<meta name=\"twitter:card\" content=\"summary_large_image\" \/>\n<meta name=\"twitter:label1\" content=\"Estimated reading time\" \/>\n\t<meta name=\"twitter:data1\" content=\"6 minutes\" \/>\n<script type=\"application\/ld+json\" class=\"yoast-schema-graph\">{\"@context\":\"https:\/\/schema.org\",\"@graph\":[{\"@type\":\"WebPage\",\"@id\":\"https:\/\/admaioraverona.it\/portfolio\/verona-tessile-2027-il-respiro-del-blu\/\",\"url\":\"https:\/\/admaioraverona.it\/portfolio\/verona-tessile-2027-il-respiro-del-blu\/\",\"name\":\"Verona tessile 2027 - Contest: Il respiro del blu - Associazione Ad Maiora\",\"isPartOf\":{\"@id\":\"https:\/\/admaioraverona.it\/#website\"},\"primaryImageOfPage\":{\"@id\":\"https:\/\/admaioraverona.it\/portfolio\/verona-tessile-2027-il-respiro-del-blu\/#primaryimage\"},\"image\":{\"@id\":\"https:\/\/admaioraverona.it\/portfolio\/verona-tessile-2027-il-respiro-del-blu\/#primaryimage\"},\"thumbnailUrl\":\"https:\/\/admaioraverona.it\/wp-content\/uploads\/2026\/06\/logo2-1.jpg\",\"datePublished\":\"2026-06-16T12:59:58+00:00\",\"dateModified\":\"2026-07-24T08:32:28+00:00\",\"breadcrumb\":{\"@id\":\"https:\/\/admaioraverona.it\/portfolio\/verona-tessile-2027-il-respiro-del-blu\/#breadcrumb\"},\"inLanguage\":\"en-GB\",\"potentialAction\":[{\"@type\":\"ReadAction\",\"target\":[\"https:\/\/admaioraverona.it\/portfolio\/verona-tessile-2027-il-respiro-del-blu\/\"]}]},{\"@type\":\"ImageObject\",\"inLanguage\":\"en-GB\",\"@id\":\"https:\/\/admaioraverona.it\/portfolio\/verona-tessile-2027-il-respiro-del-blu\/#primaryimage\",\"url\":\"https:\/\/admaioraverona.it\/wp-content\/uploads\/2026\/06\/logo2-1.jpg\",\"contentUrl\":\"https:\/\/admaioraverona.it\/wp-content\/uploads\/2026\/06\/logo2-1.jpg\",\"width\":2019,\"height\":1528},{\"@type\":\"BreadcrumbList\",\"@id\":\"https:\/\/admaioraverona.it\/portfolio\/verona-tessile-2027-il-respiro-del-blu\/#breadcrumb\",\"itemListElement\":[{\"@type\":\"ListItem\",\"position\":1,\"name\":\"Home\",\"item\":\"https:\/\/admaioraverona.it\/\"},{\"@type\":\"ListItem\",\"position\":2,\"name\":\"Portfolio\",\"item\":\"https:\/\/admaioraverona.it\/portfolio\/\"},{\"@type\":\"ListItem\",\"position\":3,\"name\":\"Verona tessile 2027 &#8211; Contest: Il respiro del blu\"}]},{\"@type\":\"WebSite\",\"@id\":\"https:\/\/admaioraverona.it\/#website\",\"url\":\"https:\/\/admaioraverona.it\/\",\"name\":\"Associazione Ad Maiora\",\"description\":\"\",\"potentialAction\":[{\"@type\":\"SearchAction\",\"target\":{\"@type\":\"EntryPoint\",\"urlTemplate\":\"https:\/\/admaioraverona.it\/?s={search_term_string}\"},\"query-input\":{\"@type\":\"PropertyValueSpecification\",\"valueRequired\":true,\"valueName\":\"search_term_string\"}}],\"inLanguage\":\"en-GB\"}]}<\/script>\n<!-- \/ Yoast SEO plugin. -->","yoast_head_json":{"title":"Verona tessile 2027 - Contest: Il respiro del blu - Associazione Ad Maiora","robots":{"index":"index","follow":"follow","max-snippet":"max-snippet:-1","max-image-preview":"max-image-preview:large","max-video-preview":"max-video-preview:-1"},"canonical":"https:\/\/admaioraverona.it\/en\/portfolio\/verona-tessile-2027-il-respiro-del-blu\/","og_locale":"en_GB","og_type":"article","og_title":"Verona tessile 2027 - Contest: Il respiro del blu - Associazione Ad Maiora","og_description":"Pubblicazione bando concorso Verona Tessile 2027","og_url":"https:\/\/admaioraverona.it\/en\/portfolio\/verona-tessile-2027-il-respiro-del-blu\/","og_site_name":"Associazione Ad Maiora","article_modified_time":"2026-07-24T08:32:28+00:00","og_image":[{"width":2019,"height":1528,"url":"https:\/\/admaioraverona.it\/wp-content\/uploads\/2026\/06\/logo2-1.jpg","type":"image\/jpeg"}],"twitter_card":"summary_large_image","twitter_misc":{"Estimated reading time":"6 minutes"},"schema":{"@context":"https:\/\/schema.org","@graph":[{"@type":"WebPage","@id":"https:\/\/admaioraverona.it\/portfolio\/verona-tessile-2027-il-respiro-del-blu\/","url":"https:\/\/admaioraverona.it\/portfolio\/verona-tessile-2027-il-respiro-del-blu\/","name":"Verona tessile 2027 - Contest: Il respiro del blu - Associazione Ad Maiora","isPartOf":{"@id":"https:\/\/admaioraverona.it\/#website"},"primaryImageOfPage":{"@id":"https:\/\/admaioraverona.it\/portfolio\/verona-tessile-2027-il-respiro-del-blu\/#primaryimage"},"image":{"@id":"https:\/\/admaioraverona.it\/portfolio\/verona-tessile-2027-il-respiro-del-blu\/#primaryimage"},"thumbnailUrl":"https:\/\/admaioraverona.it\/wp-content\/uploads\/2026\/06\/logo2-1.jpg","datePublished":"2026-06-16T12:59:58+00:00","dateModified":"2026-07-24T08:32:28+00:00","breadcrumb":{"@id":"https:\/\/admaioraverona.it\/portfolio\/verona-tessile-2027-il-respiro-del-blu\/#breadcrumb"},"inLanguage":"en-GB","potentialAction":[{"@type":"ReadAction","target":["https:\/\/admaioraverona.it\/portfolio\/verona-tessile-2027-il-respiro-del-blu\/"]}]},{"@type":"ImageObject","inLanguage":"en-GB","@id":"https:\/\/admaioraverona.it\/portfolio\/verona-tessile-2027-il-respiro-del-blu\/#primaryimage","url":"https:\/\/admaioraverona.it\/wp-content\/uploads\/2026\/06\/logo2-1.jpg","contentUrl":"https:\/\/admaioraverona.it\/wp-content\/uploads\/2026\/06\/logo2-1.jpg","width":2019,"height":1528},{"@type":"BreadcrumbList","@id":"https:\/\/admaioraverona.it\/portfolio\/verona-tessile-2027-il-respiro-del-blu\/#breadcrumb","itemListElement":[{"@type":"ListItem","position":1,"name":"Home","item":"https:\/\/admaioraverona.it\/"},{"@type":"ListItem","position":2,"name":"Portfolio","item":"https:\/\/admaioraverona.it\/portfolio\/"},{"@type":"ListItem","position":3,"name":"Verona tessile 2027 &#8211; Contest: Il respiro del blu"}]},{"@type":"WebSite","@id":"https:\/\/admaioraverona.it\/#website","url":"https:\/\/admaioraverona.it\/","name":"Associazione Ad Maiora","description":"","potentialAction":[{"@type":"SearchAction","target":{"@type":"EntryPoint","urlTemplate":"https:\/\/admaioraverona.it\/?s={search_term_string}"},"query-input":{"@type":"PropertyValueSpecification","valueRequired":true,"valueName":"search_term_string"}}],"inLanguage":"en-GB"}]}},"_links":{"self":[{"href":"https:\/\/admaioraverona.it\/en\/wp-json\/wp\/v2\/portfolio\/2517"}],"collection":[{"href":"https:\/\/admaioraverona.it\/en\/wp-json\/wp\/v2\/portfolio"}],"about":[{"href":"https:\/\/admaioraverona.it\/en\/wp-json\/wp\/v2\/types\/portfolio"}],"author":[{"embeddable":true,"href":"https:\/\/admaioraverona.it\/en\/wp-json\/wp\/v2\/users\/1"}],"replies":[{"embeddable":true,"href":"https:\/\/admaioraverona.it\/en\/wp-json\/wp\/v2\/comments?post=2517"}],"version-history":[{"count":15,"href":"https:\/\/admaioraverona.it\/en\/wp-json\/wp\/v2\/portfolio\/2517\/revisions"}],"predecessor-version":[{"id":2584,"href":"https:\/\/admaioraverona.it\/en\/wp-json\/wp\/v2\/portfolio\/2517\/revisions\/2584"}],"wp:featuredmedia":[{"embeddable":true,"href":"https:\/\/admaioraverona.it\/en\/wp-json\/wp\/v2\/media\/2526"}],"wp:attachment":[{"href":"https:\/\/admaioraverona.it\/en\/wp-json\/wp\/v2\/media?parent=2517"}],"wp:term":[{"taxonomy":"portfolio_category","embeddable":true,"href":"https:\/\/admaioraverona.it\/en\/wp-json\/wp\/v2\/portfolio_category?post=2517"}],"curies":[{"name":"wp","href":"https:\/\/api.w.org\/{rel}","templated":true}]}}